{"id":2275,"date":"2020-08-13T12:39:10","date_gmt":"2020-08-13T10:39:10","guid":{"rendered":"https:\/\/hdl-portugal.eu\/impressao\/"},"modified":"2020-08-13T12:39:11","modified_gmt":"2020-08-13T10:39:11","slug":"impressao","status":"publish","type":"page","link":"https:\/\/herdade-dos-lagos.de\/pt-pt\/impressao\/","title":{"rendered":"Impress\u00e3o"},"content":{"rendered":"\n<h6 class=\"wp-block-heading\">Informa\u00e7\u00f5es em conformidade com a Sec\u00e7\u00e3o 5 TMG:<\/h6>\n\n<p>Herdade dos Lagos GmbH &amp; Co. KG<br\/>O Langenstr. 50<br\/>Bremen 28195<\/p>\n\n<h6 class=\"wp-block-heading\">Representado pelo S\u00f3cio-Gerente:<\/h6>\n\n<p>Antje Kreikenbaum<\/p>\n\n<h6 class=\"wp-block-heading\">Contacto:<\/h6>\n\n<p>Telefone: +49 (0) 4792 950185<br\/>Fax: +49 (0) 421 30 70 936<br\/>E-mail: <a href=\"mailto:info@herdade-dos-lagos.com\"> <br\/> info@herdade-dos-lagos.com<\/a>Eco-Control Body: DE-\u00d6KO-022<\/p>\n\n<h6 class=\"wp-block-heading\">Inscri\u00e7\u00e3o:<\/h6>\n\n<p>Inscri\u00e7\u00e3o no Registo Comercial. <br\/>Tribunal de Registo: Tribunal Distrital de Bremen <br\/>N\u00famero de registo: HRA 25421 HB<\/p>\n\n<h6 class=\"wp-block-heading\">Cuba:<\/h6>\n\n<p>N\u00famero de Identifica\u00e7\u00e3o do Imposto sobre o Valor Acrescentado nos termos da Sec\u00e7\u00e3o 27 a da Lei do Imposto sobre o Valor Acrescentado:<br\/>DE 267 409 465<\/p>\n\n<h6 class=\"wp-block-heading\">Respons\u00e1vel pelo conte\u00fado de acordo com a Sec\u00e7\u00e3o 55 para. 2 RStV:<\/h6>\n\n<p>Antje Kreikenbaum<br\/>O Langenstr. 50<br\/>Bremen 28195<\/p>\n\n<h6 class=\"wp-block-heading\">Resolu\u00e7\u00e3o de lit\u00edgios<\/h6>\n\n<p>A Comiss\u00e3o Europeia fornece uma plataforma para a resolu\u00e7\u00e3o de lit\u00edgios online (ODR): <a href=\"https:\/\/ec.europa.eu\/consumers\/odr\" target=\"_blank\" rel=\"noreferrer noopener\">https:\/\/ec.europa.eu\/consumers\/odr<\/a>.<br\/>O nosso endere\u00e7o de e-mail pode ser encontrado na parte superior da impress\u00e3o.<\/p>\n\n<p>N\u00e3o estamos dispostos ou obrigados a participar em processos de resolu\u00e7\u00e3o de lit\u00edgios perante um conselho de arbitragem de consumidores.<\/p>\n\n<h3 class=\"wp-block-heading\">Responsabilidade pelo conte\u00fado<\/h3>\n\n<p>Como prestador de servi\u00e7os, somos obrigados a cumprir a Sec\u00e7\u00e3o 7 (1) A TMG \u00e9 respons\u00e1vel pelo seu pr\u00f3prio conte\u00fado nestas p\u00e1ginas de acordo com as leis gerais. De acordo com as sec\u00e7\u00f5es 8 a 10 do TMG, no entanto, n\u00f3s, como prestador de servi\u00e7os, n\u00e3o somos obrigados a monitorizar informa\u00e7\u00f5es transmitidas ou armazenadas de terceiros ou a investigar circunst\u00e2ncias que indiquem atividades ilegais.<\/p>\n\n<p>As obriga\u00e7\u00f5es de remover ou bloquear a utiliza\u00e7\u00e3o da informa\u00e7\u00e3o de acordo com as leis gerais permanecem inalteradas. No entanto, a responsabilidade a este respeito s\u00f3 \u00e9 poss\u00edvel a partir do momento do conhecimento de uma infra\u00e7\u00e3o espec\u00edfica. Se tomarmos conhecimento de tais infra\u00e7\u00f5es, eliminaremos imediatamente este conte\u00fado.<\/p>\n\n<h6 class=\"wp-block-heading\">Responsabilidade por liga\u00e7\u00f5es<\/h6>\n\n<p>A nossa oferta cont\u00e9m links para sites externos de terceiros, em cujo conte\u00fado n\u00e3o temos qualquer influ\u00eancia. Por conseguinte, n\u00e3o podemos assumir qualquer responsabilidade por estes conte\u00fados de terceiros. O respetivo fornecedor ou operador das p\u00e1ginas \u00e9 sempre respons\u00e1vel pelo conte\u00fado das p\u00e1ginas ligadas. As p\u00e1ginas ligadas foram verificadas por poss\u00edveis viola\u00e7\u00f5es legais no momento da liga\u00e7\u00e3o. Os conte\u00fados ilegais n\u00e3o eram reconhec\u00edveis no momento da liga\u00e7\u00e3o.<\/p>\n\n<p>No entanto, um controlo permanente do conte\u00fado das p\u00e1ginas ligadas n\u00e3o \u00e9 razo\u00e1vel sem indica\u00e7\u00f5es concretas de viola\u00e7\u00e3o da lei. Se tomarmos conhecimento de quaisquer infra\u00e7\u00f5es \u00e0 lei, eliminaremos imediatamente esses la\u00e7os.<\/p>\n\n<h6 class=\"wp-block-heading\">Direitos autorais<\/h6>\n\n<p>Os conte\u00fados e obras criados pelos operadores do site nestas p\u00e1ginas est\u00e3o sujeitos \u00e0 lei alem\u00e3 de direitos de autor. A duplica\u00e7\u00e3o, edi\u00e7\u00e3o, distribui\u00e7\u00e3o e qualquer tipo de explora\u00e7\u00e3o fora dos limites dos direitos de autor requerem o consentimento escrito do respetivo autor ou criador. Os downloads e c\u00f3pias deste site s\u00f3 s\u00e3o permitidos para uso privado e n\u00e3o comercial.<\/p>\n\n<p class=\"has-small-font-size\">Na medida em que os conte\u00fados desta p\u00e1gina n\u00e3o foram criados pelo operador, os direitos de autor de terceiros s\u00e3o respeitados. Em particular, o conte\u00fado de terceiros \u00e9 marcado como tal. No entanto, caso tenha conhecimento de uma viola\u00e7\u00e3o dos direitos de autor, por favor, note em conformidade. Se tomarmos conhecimento de quaisquer infra\u00e7\u00f5es, eliminaremos imediatamente esse conte\u00fado.<\/p>\n","protected":false},"excerpt":{"rendered":"<p>Informa\u00e7\u00f5es em conformidade com a Sec\u00e7\u00e3o 5 TMG: Herdade dos Lagos GmbH &amp; Co. KGO Langenstr. 50Bremen 28195 Representado pelo S\u00f3cio-Gerente: Antje Kreikenbaum Contacto: Telefone: +49 (0) 4792 950185Fax: +49 (0) 421 30 70 936E-mail: info@herdade-dos-lagos.comEco-Control Body: DE-\u00d6KO-022 Inscri\u00e7\u00e3o: Inscri\u00e7\u00e3o no Registo Comercial. Tribunal de Registo: Tribunal Distrital de Bremen N\u00famero de registo: HRA 25421 [&hellip;]<\/p>\n","protected":false},"author":1,"featured_media":0,"parent":0,"menu_order":0,"comment_status":"closed","ping_status":"closed","template":"","meta":{"ngg_post_thumbnail":0,"footnotes":""},"class_list":["post-2275","page","type-page","status-publish","hentry"],"jetpack_sharing_enabled":true,"_links":{"self":[{"href":"https:\/\/herdade-dos-lagos.de\/pt-pt\/wp-json\/wp\/v2\/pages\/2275","targetHints":{"allow":["GET"]}}],"collection":[{"href":"https:\/\/herdade-dos-lagos.de\/pt-pt\/wp-json\/wp\/v2\/pages"}],"about":[{"href":"https:\/\/herdade-dos-lagos.de\/pt-pt\/wp-json\/wp\/v2\/types\/page"}],"author":[{"embeddable":true,"href":"https:\/\/herdade-dos-lagos.de\/pt-pt\/wp-json\/wp\/v2\/users\/1"}],"replies":[{"embeddable":true,"href":"https:\/\/herdade-dos-lagos.de\/pt-pt\/wp-json\/wp\/v2\/comments?post=2275"}],"version-history":[{"count":2,"href":"https:\/\/herdade-dos-lagos.de\/pt-pt\/wp-json\/wp\/v2\/pages\/2275\/revisions"}],"predecessor-version":[{"id":2279,"href":"https:\/\/herdade-dos-lagos.de\/pt-pt\/wp-json\/wp\/v2\/pages\/2275\/revisions\/2279"}],"wp:attachment":[{"href":"https:\/\/herdade-dos-lagos.de\/pt-pt\/wp-json\/wp\/v2\/media?parent=2275"}],"curies":[{"name":"wp","href":"https:\/\/api.w.org\/{rel}","templated":true}]}}