{"id":1738,"date":"2020-08-12T15:56:15","date_gmt":"2020-08-12T13:56:15","guid":{"rendered":"https:\/\/hdl-portugal.eu\/permacultura\/"},"modified":"2020-08-15T10:54:10","modified_gmt":"2020-08-15T08:54:10","slug":"permacultura","status":"publish","type":"page","link":"https:\/\/herdade-dos-lagos.de\/pt-pt\/permacultura\/","title":{"rendered":"Permacultura"},"content":{"rendered":"\n<p>Na Herdade dos Lagos temos realizado v\u00e1rios projetos de floresta\u00e7\u00e3o e reten\u00e7\u00e3o de \u00e1gua. Antigas \u00e1reas \u00e1ridas de cereais foram plantadas com \u00e1rvores aut\u00f3ctones (alfarrobeiras, azinheiras, pinheiros, sobreiros, azeitonas). Ao longo dos anos, foram criados mais de 600 hectares de novas \u00e1reas florestais.<br>Estamos ainda a reflorestar mais \u00e1reas, a \u00faltima replanta\u00e7\u00e3o de 33Ha de sobreiros e pinheiros foi conclu\u00edda em 2016.<\/p>\n\n\n\n<p>O verde e a floresta\u00e7\u00e3o formam mat\u00e9ria org\u00e2nica e melhoram infiltra\u00e7\u00e3o de \u00e1gua no solo, tamponando assim n\u00edveis de calor extremos.<br>Como resultado, o microclima e a biodiversidade mudaram significativamente nos \u00faltimos anos.<\/p>\n\n\n\n<p><strong>Vis\u00e3o geral da floresta\u00e7\u00e3o nos \u00faltimos 30 anos:<\/strong><\/p>\n\n\n\n<figure class=\"wp-block-table\"><table><tbody><tr><td>   Azinheiras<\/td><td> \n 200 ha \n <\/td><td>+\/- 180.000 plantas<\/td><\/tr><tr><td> \n Alfarrobeiras \n <\/td><td> \n 260 \n ha<\/td><td>+\/- 50.000 plantas<\/td><\/tr><tr><td>   Sobreiros<\/td><td> \n 30 \n ha<\/td><td>+\/- 32.000 plantas<\/td><\/tr><tr><td> \n Pinheiros \n <\/td><td> \n 20 \n ha<\/td><td>+\/- 30.000 plantas<\/td><\/tr><tr><td> \n Azeitonas \n <\/td><td> \n 80 \n ha<\/td><td>+\/- 18.000 plantas<\/td><\/tr><tr><td> \n Eucalipto \n <\/td><td> \n +\/- 10 \n ha<\/td><td>+\/- 3.000 plantas<\/td><\/tr><tr><td>   Diferentes Esp\u00e9cies<\/td><td> \n 4 ha \n <\/td><td>+\/- 2.500 plantas<\/td><\/tr><tr><td>   Vinha   <\/td><td>   30 ha<\/td><td>&nbsp;<\/td><\/tr><tr><td>   culturas tempor\u00e1rias\/forrageiras<\/td><td> \n +\/- 350 \n ha<\/td><td>\n  &nbsp;\n<\/td><\/tr><tr><td> \n \n <strong>Floresta\u00e7\u00e3o<\/strong> total\n  \n  \n  \n<\/td><td> \n <strong>+\/- 600 ha<\/strong> \n \n  \n  \n  \n<\/td><td> <strong>+\/- 315.500 <\/strong>plantas<\/td><\/tr><\/tbody><\/table><\/figure>\n\n\n\nngg_shortcode_0_placeholder\n","protected":false},"excerpt":{"rendered":"<p>Na Herdade dos Lagos temos realizado v\u00e1rios projetos de floresta\u00e7\u00e3o e reten\u00e7\u00e3o de \u00e1gua. Antigas \u00e1reas \u00e1ridas de cereais foram plantadas com \u00e1rvores aut\u00f3ctones (alfarrobeiras, azinheiras, pinheiros, sobreiros, azeitonas). Ao longo dos anos, foram criados mais de 600 hectares de novas \u00e1reas florestais.Estamos ainda a reflorestar mais \u00e1reas, a \u00faltima replanta\u00e7\u00e3o de 33Ha de sobreiros [&hellip;]<\/p>\n","protected":false},"author":1,"featured_media":1025,"parent":0,"menu_order":0,"comment_status":"closed","ping_status":"closed","template":"","meta":{"ngg_post_thumbnail":0,"footnotes":""},"class_list":["post-1738","page","type-page","status-publish","has-post-thumbnail","hentry"],"jetpack_sharing_enabled":true,"_links":{"self":[{"href":"https:\/\/herdade-dos-lagos.de\/pt-pt\/wp-json\/wp\/v2\/pages\/1738","targetHints":{"allow":["GET"]}}],"collection":[{"href":"https:\/\/herdade-dos-lagos.de\/pt-pt\/wp-json\/wp\/v2\/pages"}],"about":[{"href":"https:\/\/herdade-dos-lagos.de\/pt-pt\/wp-json\/wp\/v2\/types\/page"}],"author":[{"embeddable":true,"href":"https:\/\/herdade-dos-lagos.de\/pt-pt\/wp-json\/wp\/v2\/users\/1"}],"replies":[{"embeddable":true,"href":"https:\/\/herdade-dos-lagos.de\/pt-pt\/wp-json\/wp\/v2\/comments?post=1738"}],"version-history":[{"count":4,"href":"https:\/\/herdade-dos-lagos.de\/pt-pt\/wp-json\/wp\/v2\/pages\/1738\/revisions"}],"predecessor-version":[{"id":2852,"href":"https:\/\/herdade-dos-lagos.de\/pt-pt\/wp-json\/wp\/v2\/pages\/1738\/revisions\/2852"}],"wp:featuredmedia":[{"embeddable":true,"href":"https:\/\/herdade-dos-lagos.de\/pt-pt\/wp-json\/wp\/v2\/media\/1025"}],"wp:attachment":[{"href":"https:\/\/herdade-dos-lagos.de\/pt-pt\/wp-json\/wp\/v2\/media?parent=1738"}],"curies":[{"name":"wp","href":"https:\/\/api.w.org\/{rel}","templated":true}]}}